{"id":5188,"date":"2025-02-20T08:48:19","date_gmt":"2025-02-20T08:48:19","guid":{"rendered":"https:\/\/www.it-connect.tech\/politica-de-privacidad\/"},"modified":"2025-03-21T10:59:01","modified_gmt":"2025-03-21T10:59:01","slug":"politica-de-privacidad","status":"publish","type":"page","link":"https:\/\/www.it-connect.tech\/es\/politica-de-privacidad\/","title":{"rendered":"Pol\u00edtica de privacidad"},"content":{"rendered":"\n<p><strong>\u00bfQui\u00e9nes somos?<\/strong><\/p>\n\n<p>La direcci\u00f3n de nuestro sitio web es: <a href=\"https:\/\/www.it-connect.fr\/\">https:\/\/www.it-connect.tech.<\/a> Est\u00e1 alojada en un servidor situado en la infraestructura de Infomaniak, en Suiza. Este sitio web pertenece a la empresa IT-Connect, registrada en Francia en Thue-et-Mue, con el n\u00famero SIRET 851 220 012 00013.  <\/p>\n\n<h2 class=\"wp-block-heading\">Uso de los datos personales recogidos<\/h2>\n\n<ul class=\"wp-block-list\">\n<li><strong>Comentarios<\/strong><\/li>\n<\/ul>\n\n<p>Cuando deja un comentario en nuestro sitio web, los datos introducidos en el formulario de comentarios, junto con su direcci\u00f3n IP y el agente de usuario de su navegador, se recopilan para ayudarnos a detectar comentarios no deseados.<\/p>\n\n<p>Una cadena anonimizada creada a partir de tu direcci\u00f3n de correo electr\u00f3nico (tambi\u00e9n llamada hash) puede ser enviada al servicio Gravatar para comprobar si la utilizas. La pol\u00edtica de privacidad de Gravatar est\u00e1 disponible aqu\u00ed: <a href=\"https:\/\/automattic.com\/privacy\/\">https:\/\/automattic.com\/privacy\/.<\/a> Tras validar tu comentario, tu foto de perfil ser\u00e1 visible p\u00fablicamente junto a tu comentario.  <\/p>\n\n<p>Los comentarios abusivos o con connotaciones racistas, violentas o sexuales ser\u00e1n eliminados.<\/p>\n\n<ul class=\"wp-block-list\">\n<li><strong>Medios de comunicaci\u00f3n<\/strong><\/li>\n<\/ul>\n\n<p>Si eres un usuario registrado y subes im\u00e1genes al sitio web, te aconsejamos que evites subir im\u00e1genes que contengan datos EXIF de coordenadas GPS. Los visitantes de su sitio web pueden descargar y extraer datos de localizaci\u00f3n de estas im\u00e1genes. <\/p>\n\n<ul class=\"wp-block-list\">\n<li><strong>Formulario de contacto<\/strong><\/li>\n<\/ul>\n\n<p>Si se pone en contacto con nuestro equipo a trav\u00e9s del formulario de contacto del sitio, se le pedir\u00e1 que introduzca un nombre y una direcci\u00f3n de correo electr\u00f3nico. Estos datos solo se utilizan para enviar el correo electr\u00f3nico y no se conservan. <\/p>\n\n<ul class=\"wp-block-list\">\n<li><strong>Cookies<\/strong><\/li>\n<\/ul>\n\n<p>Si deja un comentario en nuestro sitio, se le ofrecer\u00e1 la opci\u00f3n de guardar su nombre, direcci\u00f3n de correo electr\u00f3nico y sitio web en cookies a trav\u00e9s de la opci\u00f3n \"Guardar mi nombre, correo electr\u00f3nico y sitio web en este navegador para la pr\u00f3xima vez que comente\". Esto es para su comodidad, para que no tenga que volver a introducir esta informaci\u00f3n cuando publique otro comentario. Estas cookies caducan al cabo de un a\u00f1o.  <\/p>\n\n<p>Si tiene una cuenta e inicia sesi\u00f3n en este sitio, se crear\u00e1 una cookie temporal para determinar si su navegador acepta cookies. No contiene datos personales y se borrar\u00e1 autom\u00e1ticamente cuando cierre el navegador. <\/p>\n\n<p>Cuando inicie sesi\u00f3n, instalaremos varias cookies para guardar su informaci\u00f3n de inicio de sesi\u00f3n y sus preferencias de pantalla. Una cookie de inicio de sesi\u00f3n dura dos d\u00edas, y una cookie de opciones de pantalla dura un a\u00f1o. Si selecciona \"Recordarme\", la cookie de inicio de sesi\u00f3n se conservar\u00e1 durante dos semanas. Si sale de su cuenta, la cookie de inicio de sesi\u00f3n se borrar\u00e1.   <\/p>\n\n<p>Cuando edite o publique un art\u00edculo, se guardar\u00e1 una cookie adicional en su navegador. Esta cookie no contiene datos personales; simplemente indica el ID del art\u00edculo que acaba de modificar. Caduca al cabo de un d\u00eda.  <\/p>\n\n<ul class=\"wp-block-list\">\n<li><strong>Contenido incrustado de otros sitios web<\/strong><\/li>\n<\/ul>\n\n<p>Los art\u00edculos de este sitio pueden incluir contenido incrustado (por ejemplo, v\u00eddeos, im\u00e1genes, art\u00edculos, etc.). El contenido incrustado de otros sitios web se comporta de la misma manera que si el visitante hubiera visitado el otro sitio web. <\/p>\n\n<p>Estos sitios web pueden recopilar datos sobre usted, utilizar cookies, incrustar herramientas de seguimiento de terceros y supervisar sus interacciones con el contenido incrustado si tiene una cuenta y ha iniciado sesi\u00f3n en su sitio web.<\/p>\n\n<ul class=\"wp-block-list\">\n<li><strong>Estad\u00edsticas y medici\u00f3n de audiencias<\/strong><\/li>\n<\/ul>\n\n<p>En nuestro sitio se utiliza la herramienta de an\u00e1lisis Matomo (antes Piwik), con una configuraci\u00f3n adaptada para respetar su privacidad. Tres ajustes clave est\u00e1n activos: <\/p>\n\n<ul class=\"wp-block-list\">\n<li>Las direcciones IP son an\u00f3nimas, ya que los dos \u00faltimos octetos siempre se ponen a 0.<\/li>\n\n\n\n<li>La funci\u00f3n \"Do Not Track\" est\u00e1 activada.<\/li>\n\n\n\n<li>La vida \u00fatil de las cookies de rastreo est\u00e1 limitada a 13 meses, de acuerdo con la normativa.<\/li>\n<\/ul>\n\n<h2 class=\"wp-block-heading\">Uso y transmisi\u00f3n de sus datos personales<\/h2>\n\n<ul class=\"wp-block-list\">\n<li><strong>Duraci\u00f3n del almacenamiento de datos<\/strong><\/li>\n<\/ul>\n\n<p>Si deja un comentario, el comentario y sus metadatos se almacenan indefinidamente. Esto nos permite reconocer y aprobar autom\u00e1ticamente los comentarios de seguimiento en lugar de retenerlos en una cola de moderaci\u00f3n. <\/p>\n\n<p>Para los usuarios registrados en nuestro sitio, tambi\u00e9n almacenamos los datos personales proporcionados en su perfil. Todos los usuarios pueden ver, modificar o borrar su informaci\u00f3n personal en cualquier momento (excepto su nombre de usuario). Los administradores del sitio tambi\u00e9n pueden ver y modificar esta informaci\u00f3n.  <\/p>\n\n<ul class=\"wp-block-list\">\n<li><strong>Sus derechos sobre sus datos<\/strong><\/li>\n<\/ul>\n\n<p>Si tiene una cuenta o ha dejado comentarios en el sitio, puede solicitar que le enviemos un archivo con todos los datos personales que tenemos sobre usted, incluidos los datos que nos ha facilitado. Tambi\u00e9n puede solicitar la supresi\u00f3n de sus datos personales. Esto no incluye los datos almacenados con fines administrativos, legales o de seguridad.  <\/p>\n\n<p>Puede enviar una solicitud a trav\u00e9s de la direcci\u00f3n de correo electr\u00f3nico mencionada al final de esta p\u00e1gina. La supresi\u00f3n de sus datos personales conllevar\u00e1 la eliminaci\u00f3n de su cuenta de usuario. <\/p>\n\n<ul class=\"wp-block-list\">\n<li><strong>Servicios de terceros<\/strong><\/li>\n<\/ul>\n\n<p>Ya sea para el correcto funcionamiento del sitio o para mostrar anuncios, se realizan llamadas a servicios de terceros.<\/p>\n\n<p>Los principales servicios de terceros utilizados son: YouTube, Google Fonts, jQuery y Gravatar.<\/p>\n\n<p>La publicidad en IT-Connect se basa en la plataforma Ezoic, que carga un conjunto de scripts para garantizar su funcionamiento. Algunos art\u00edculos pueden contener enlaces de afiliados. <\/p>\n\n<p>Para obtener m\u00e1s informaci\u00f3n sobre la pol\u00edtica de privacidad de Ezoic aplicable a IT-Connect, siga este enlace: <a href=\"https:\/\/g.ezoic.net\/privacy\/it-connect.tech\" target=\"_blank\" rel=\"noopener nofollow\" title=\"\">Ezoic \/ IT-Connect<\/a>.<\/p>\n\n<h2 class=\"wp-block-heading\">Informaci\u00f3n adicional<\/h2>\n\n<p><strong>\u00bfC\u00f3mo protegemos sus datos?<\/strong><\/p>\n\n<p>IT-Connect se compromete a no divulgar ni vender ninguna informaci\u00f3n sobre usted a terceros. La \u00fanica excepci\u00f3n es en caso de requerimiento legal (testimonio ante un tribunal, interrogatorio o cualquier otra obligaci\u00f3n legal). <\/p>\n\n<p><strong>P\u00f3ngase en contacto con<\/strong><\/p>\n\n<p>Para cualquier solicitud relacionada con los datos personales, p\u00f3ngase en contacto con nosotros en la siguiente direcci\u00f3n: confidentialite @ it-connect . fr <\/p>\n","protected":false},"excerpt":{"rendered":"<p>\u00bfQui\u00e9nes somos? La direcci\u00f3n de nuestro sitio web es: https:\/\/www.it-connect.tech. Est\u00e1 alojada en un servidor situado en la infraestructura de Infomaniak, en Suiza. Este sitio web pertenece a la empresa IT-Connect, registrada en Francia en Thue-et-Mue, con el n\u00famero SIRET 851 220 012 00013. Uso de los datos personales recogidos Cuando deja un comentario en nuestro sitio web, los datos introducidos en el formulario de comentarios, junto con su direcci\u00f3n IP y el agente de usuario de su navegador, se recopilan para ayudarnos a detectar comentarios no deseados. Una cadena anonimizada creada a partir de tu direcci\u00f3n de correo electr\u00f3nico (tambi\u00e9n llamada hash) puede ser enviada al servicio Gravatar para comprobar si la utilizas. La pol\u00edtica de privacidad de Gravatar est\u00e1 disponible aqu\u00ed: https:\/\/automattic.com\/privacy\/. Tras validar tu comentario, tu foto de perfil ser\u00e1 visible p\u00fablicamente junto a tu comentario. Los comentarios abusivos o con connotaciones racistas, violentas o sexuales ser\u00e1n eliminados. Si eres un usuario registrado y subes im\u00e1genes al sitio web, te aconsejamos que evites subir im\u00e1genes que contengan<\/p>\n","protected":false},"author":2,"featured_media":0,"parent":0,"menu_order":0,"comment_status":"closed","ping_status":"open","template":"","meta":{"_acf_changed":false,"footnotes":""},"class_list":["post-5188","page","type-page","status-publish","hentry"],"acf":[],"aioseo_notices":[],"aioseo_head":"\n\t\t<!-- All in One SEO Pro 4.9.6.2 - aioseo.com -->\n\t<meta name=\"description\" content=\"\u00bfQui\u00e9nes somos? La direcci\u00f3n de nuestro sitio web es: https:\/\/www.it-connect.tech. Est\u00e1 alojada en un servidor situado en la infraestructura de Infomaniak, en Suiza. Este sitio web pertenece a la empresa IT-Connect, registrada en Francia en Thue-et-Mue, con el n\u00famero SIRET 851 220 012 00013. Uso de los datos personales recogidos Comentarios Cuando deja un comentario\" \/>\n\t<meta name=\"robots\" content=\"noindex, max-snippet:-1, max-image-preview:large, max-video-preview:-1\" \/>\n\t<meta name=\"google-site-verification\" content=\"ZA5wDx6z10dkUAOeNgJmYDQP4pE2hlMb0pmDKXfWk9U\" \/>\n\t<link rel=\"canonical\" href=\"https:\/\/www.it-connect.tech\/es\/politica-de-privacidad\/\" \/>\n\t<meta name=\"generator\" content=\"All in One SEO Pro (AIOSEO) 4.9.6.2\" \/>\n\t\t<meta property=\"og:locale\" content=\"es_ES\" \/>\n\t\t<meta property=\"og:site_name\" content=\"IT-Connect -\" \/>\n\t\t<meta property=\"og:type\" content=\"article\" \/>\n\t\t<meta property=\"og:title\" content=\"Pol\u00edtica de privacidad - IT-Connect\" \/>\n\t\t<meta property=\"og:description\" content=\"\u00bfQui\u00e9nes somos? La direcci\u00f3n de nuestro sitio web es: https:\/\/www.it-connect.tech. Est\u00e1 alojada en un servidor situado en la infraestructura de Infomaniak, en Suiza. Este sitio web pertenece a la empresa IT-Connect, registrada en Francia en Thue-et-Mue, con el n\u00famero SIRET 851 220 012 00013. Uso de los datos personales recogidos Comentarios Cuando deja un comentario\" \/>\n\t\t<meta property=\"og:url\" content=\"https:\/\/www.it-connect.tech\/es\/politica-de-privacidad\/\" \/>\n\t\t<meta property=\"og:image\" content=\"https:\/\/www.it-connect.tech\/wp-content\/uploads\/2025\/02\/cropped-Logo-IT-Connect-Tech.png\" \/>\n\t\t<meta property=\"og:image:secure_url\" content=\"https:\/\/www.it-connect.tech\/wp-content\/uploads\/2025\/02\/cropped-Logo-IT-Connect-Tech.png\" \/>\n\t\t<meta property=\"article:published_time\" content=\"2025-02-20T08:48:19+00:00\" \/>\n\t\t<meta property=\"article:modified_time\" content=\"2025-03-21T10:59:01+00:00\" \/>\n\t\t<meta property=\"article:publisher\" content=\"https:\/\/www.facebook.com\/it.connect.fr\/\" \/>\n\t\t<meta name=\"twitter:card\" content=\"summary_large_image\" \/>\n\t\t<meta name=\"twitter:site\" content=\"@itconnect_fr\" \/>\n\t\t<meta name=\"twitter:title\" content=\"Pol\u00edtica de privacidad - IT-Connect\" \/>\n\t\t<meta name=\"twitter:description\" content=\"\u00bfQui\u00e9nes somos? La direcci\u00f3n de nuestro sitio web es: https:\/\/www.it-connect.tech. Est\u00e1 alojada en un servidor situado en la infraestructura de Infomaniak, en Suiza. Este sitio web pertenece a la empresa IT-Connect, registrada en Francia en Thue-et-Mue, con el n\u00famero SIRET 851 220 012 00013. Uso de los datos personales recogidos Comentarios Cuando deja un comentario\" \/>\n\t\t<meta name=\"twitter:creator\" content=\"@florianburnel\" \/>\n\t\t<meta name=\"twitter:image\" content=\"https:\/\/www.it-connect.tech\/wp-content\/uploads\/2025\/02\/cropped-Logo-IT-Connect-Tech.png\" \/>\n\t\t<script type=\"application\/ld+json\" class=\"aioseo-schema\">\n\t\t\t{\"@context\":\"https:\\\/\\\/schema.org\",\"@graph\":[{\"@type\":\"BreadcrumbList\",\"@id\":\"https:\\\/\\\/www.it-connect.tech\\\/es\\\/politica-de-privacidad\\\/#breadcrumblist\",\"itemListElement\":[{\"@type\":\"ListItem\",\"@id\":\"https:\\\/\\\/www.it-connect.tech\\\/es\\\/#listItem\",\"position\":1,\"name\":\"Home\",\"item\":\"https:\\\/\\\/www.it-connect.tech\\\/es\\\/\",\"nextItem\":{\"@type\":\"ListItem\",\"@id\":\"https:\\\/\\\/www.it-connect.tech\\\/es\\\/politica-de-privacidad\\\/#listItem\",\"name\":\"Pol\\u00edtica de privacidad\"}},{\"@type\":\"ListItem\",\"@id\":\"https:\\\/\\\/www.it-connect.tech\\\/es\\\/politica-de-privacidad\\\/#listItem\",\"position\":2,\"name\":\"Pol\\u00edtica de privacidad\",\"previousItem\":{\"@type\":\"ListItem\",\"@id\":\"https:\\\/\\\/www.it-connect.tech\\\/es\\\/#listItem\",\"name\":\"Home\"}}]},{\"@type\":\"Organization\",\"@id\":\"https:\\\/\\\/www.it-connect.tech\\\/es\\\/#organization\",\"name\":\"IT-Connect\",\"url\":\"https:\\\/\\\/www.it-connect.tech\\\/es\\\/\",\"logo\":{\"@type\":\"ImageObject\",\"url\":\"https:\\\/\\\/www.it-connect.tech\\\/wp-content\\\/uploads\\\/2025\\\/02\\\/cropped-Logo-IT-Connect-Tech.png\",\"@id\":\"https:\\\/\\\/www.it-connect.tech\\\/es\\\/politica-de-privacidad\\\/#organizationLogo\",\"width\":270,\"height\":43},\"image\":{\"@id\":\"https:\\\/\\\/www.it-connect.tech\\\/es\\\/politica-de-privacidad\\\/#organizationLogo\"},\"sameAs\":[\"https:\\\/\\\/www.facebook.com\\\/it.connect.fr\\\/\",\"https:\\\/\\\/twitter.com\\\/itconnect_fr\",\"https:\\\/\\\/www.youtube.com\\\/channel\\\/UCIJTq0nGrgkGMy1xJL_YppQ\",\"https:\\\/\\\/www.linkedin.com\\\/company\\\/it-connect-fr\"]},{\"@type\":\"WebPage\",\"@id\":\"https:\\\/\\\/www.it-connect.tech\\\/es\\\/politica-de-privacidad\\\/#webpage\",\"url\":\"https:\\\/\\\/www.it-connect.tech\\\/es\\\/politica-de-privacidad\\\/\",\"name\":\"Pol\\u00edtica de privacidad - IT-Connect\",\"description\":\"\\u00bfQui\\u00e9nes somos? La direcci\\u00f3n de nuestro sitio web es: https:\\\/\\\/www.it-connect.tech. Est\\u00e1 alojada en un servidor situado en la infraestructura de Infomaniak, en Suiza. Este sitio web pertenece a la empresa IT-Connect, registrada en Francia en Thue-et-Mue, con el n\\u00famero SIRET 851 220 012 00013. Uso de los datos personales recogidos Comentarios Cuando deja un comentario\",\"inLanguage\":\"es-ES\",\"isPartOf\":{\"@id\":\"https:\\\/\\\/www.it-connect.tech\\\/es\\\/#website\"},\"breadcrumb\":{\"@id\":\"https:\\\/\\\/www.it-connect.tech\\\/es\\\/politica-de-privacidad\\\/#breadcrumblist\"},\"datePublished\":\"2025-02-20T08:48:19+00:00\",\"dateModified\":\"2025-03-21T10:59:01+00:00\"},{\"@type\":\"WebSite\",\"@id\":\"https:\\\/\\\/www.it-connect.tech\\\/es\\\/#website\",\"url\":\"https:\\\/\\\/www.it-connect.tech\\\/es\\\/\",\"name\":\"IT-Connect\",\"inLanguage\":\"es-ES\",\"publisher\":{\"@id\":\"https:\\\/\\\/www.it-connect.tech\\\/es\\\/#organization\"}}]}\n\t\t<\/script>\n\t\t<!-- All in One SEO Pro -->\r\n\t\t<title>Pol\u00edtica de privacidad - IT-Connect<\/title>\n\n","aioseo_head_json":{"title":"Pol\u00edtica de privacidad - IT-Connect","description":"\u00bfQui\u00e9nes somos? La direcci\u00f3n de nuestro sitio web es: https:\/\/www.it-connect.tech. Est\u00e1 alojada en un servidor situado en la infraestructura de Infomaniak, en Suiza. Este sitio web pertenece a la empresa IT-Connect, registrada en Francia en Thue-et-Mue, con el n\u00famero SIRET 851 220 012 00013. Uso de los datos personales recogidos Comentarios Cuando deja un comentario","canonical_url":"https:\/\/www.it-connect.tech\/es\/politica-de-privacidad\/","robots":"noindex, max-snippet:-1, max-image-preview:large, max-video-preview:-1","keywords":"","webmasterTools":{"google-site-verification":"ZA5wDx6z10dkUAOeNgJmYDQP4pE2hlMb0pmDKXfWk9U","miscellaneous":""},"schema":{"@context":"https:\/\/schema.org","@graph":[{"@type":"BreadcrumbList","@id":"https:\/\/www.it-connect.tech\/es\/politica-de-privacidad\/#breadcrumblist","itemListElement":[{"@type":"ListItem","@id":"https:\/\/www.it-connect.tech\/es\/#listItem","position":1,"name":"Home","item":"https:\/\/www.it-connect.tech\/es\/","nextItem":{"@type":"ListItem","@id":"https:\/\/www.it-connect.tech\/es\/politica-de-privacidad\/#listItem","name":"Pol\u00edtica de privacidad"}},{"@type":"ListItem","@id":"https:\/\/www.it-connect.tech\/es\/politica-de-privacidad\/#listItem","position":2,"name":"Pol\u00edtica de privacidad","previousItem":{"@type":"ListItem","@id":"https:\/\/www.it-connect.tech\/es\/#listItem","name":"Home"}}]},{"@type":"Organization","@id":"https:\/\/www.it-connect.tech\/es\/#organization","name":"IT-Connect","url":"https:\/\/www.it-connect.tech\/es\/","logo":{"@type":"ImageObject","url":"https:\/\/www.it-connect.tech\/wp-content\/uploads\/2025\/02\/cropped-Logo-IT-Connect-Tech.png","@id":"https:\/\/www.it-connect.tech\/es\/politica-de-privacidad\/#organizationLogo","width":270,"height":43},"image":{"@id":"https:\/\/www.it-connect.tech\/es\/politica-de-privacidad\/#organizationLogo"},"sameAs":["https:\/\/www.facebook.com\/it.connect.fr\/","https:\/\/twitter.com\/itconnect_fr","https:\/\/www.youtube.com\/channel\/UCIJTq0nGrgkGMy1xJL_YppQ","https:\/\/www.linkedin.com\/company\/it-connect-fr"]},{"@type":"WebPage","@id":"https:\/\/www.it-connect.tech\/es\/politica-de-privacidad\/#webpage","url":"https:\/\/www.it-connect.tech\/es\/politica-de-privacidad\/","name":"Pol\u00edtica de privacidad - IT-Connect","description":"\u00bfQui\u00e9nes somos? La direcci\u00f3n de nuestro sitio web es: https:\/\/www.it-connect.tech. Est\u00e1 alojada en un servidor situado en la infraestructura de Infomaniak, en Suiza. Este sitio web pertenece a la empresa IT-Connect, registrada en Francia en Thue-et-Mue, con el n\u00famero SIRET 851 220 012 00013. Uso de los datos personales recogidos Comentarios Cuando deja un comentario","inLanguage":"es-ES","isPartOf":{"@id":"https:\/\/www.it-connect.tech\/es\/#website"},"breadcrumb":{"@id":"https:\/\/www.it-connect.tech\/es\/politica-de-privacidad\/#breadcrumblist"},"datePublished":"2025-02-20T08:48:19+00:00","dateModified":"2025-03-21T10:59:01+00:00"},{"@type":"WebSite","@id":"https:\/\/www.it-connect.tech\/es\/#website","url":"https:\/\/www.it-connect.tech\/es\/","name":"IT-Connect","inLanguage":"es-ES","publisher":{"@id":"https:\/\/www.it-connect.tech\/es\/#organization"}}]},"og:locale":"es_ES","og:site_name":"IT-Connect -","og:type":"article","og:title":"Pol\u00edtica de privacidad - IT-Connect","og:description":"\u00bfQui\u00e9nes somos? La direcci\u00f3n de nuestro sitio web es: https:\/\/www.it-connect.tech. Est\u00e1 alojada en un servidor situado en la infraestructura de Infomaniak, en Suiza. Este sitio web pertenece a la empresa IT-Connect, registrada en Francia en Thue-et-Mue, con el n\u00famero SIRET 851 220 012 00013. Uso de los datos personales recogidos Comentarios Cuando deja un comentario","og:url":"https:\/\/www.it-connect.tech\/es\/politica-de-privacidad\/","og:image":"https:\/\/www.it-connect.tech\/wp-content\/uploads\/2025\/02\/cropped-Logo-IT-Connect-Tech.png","og:image:secure_url":"https:\/\/www.it-connect.tech\/wp-content\/uploads\/2025\/02\/cropped-Logo-IT-Connect-Tech.png","article:published_time":"2025-02-20T08:48:19+00:00","article:modified_time":"2025-03-21T10:59:01+00:00","article:publisher":"https:\/\/www.facebook.com\/it.connect.fr\/","twitter:card":"summary_large_image","twitter:site":"@itconnect_fr","twitter:title":"Pol\u00edtica de privacidad - IT-Connect","twitter:description":"\u00bfQui\u00e9nes somos? La direcci\u00f3n de nuestro sitio web es: https:\/\/www.it-connect.tech. Est\u00e1 alojada en un servidor situado en la infraestructura de Infomaniak, en Suiza. Este sitio web pertenece a la empresa IT-Connect, registrada en Francia en Thue-et-Mue, con el n\u00famero SIRET 851 220 012 00013. Uso de los datos personales recogidos Comentarios Cuando deja un comentario","twitter:creator":"@florianburnel","twitter:image":"https:\/\/www.it-connect.tech\/wp-content\/uploads\/2025\/02\/cropped-Logo-IT-Connect-Tech.png"},"aioseo_meta_data":{"post_id":"5188","title":null,"description":null,"keywords":null,"keyphrases":{"focus":{"keyphrase":"","score":0,"analysis":{"keyphraseInTitle":{"score":0,"maxScore":9,"error":1}}},"additional":[]},"primary_term":null,"canonical_url":null,"og_title":null,"og_description":null,"og_object_type":"default","og_image_type":"default","og_image_url":null,"og_image_width":null,"og_image_height":null,"og_image_custom_url":null,"og_image_custom_fields":null,"og_video":"","og_custom_url":null,"og_article_section":null,"og_article_tags":null,"twitter_use_og":false,"twitter_card":"default","twitter_image_type":"default","twitter_image_url":null,"twitter_image_custom_url":null,"twitter_image_custom_fields":null,"twitter_title":null,"twitter_description":null,"schema":{"blockGraphs":[],"customGraphs":[],"default":{"data":{"Article":[],"Course":[],"Dataset":[],"FAQPage":[],"Movie":[],"Person":[],"Product":[],"ProductReview":[],"Car":[],"Recipe":[],"Service":[],"SoftwareApplication":[],"WebPage":[]},"graphName":"WebPage","isEnabled":true},"graphs":[]},"schema_type":"default","schema_type_options":null,"pillar_content":false,"robots_default":false,"robots_noindex":true,"robots_noarchive":false,"robots_nosnippet":false,"robots_nofollow":false,"robots_noimageindex":false,"robots_noodp":false,"robots_notranslate":false,"robots_max_snippet":"-1","robots_max_videopreview":"-1","robots_max_imagepreview":"large","priority":null,"frequency":"default","local_seo":null,"seo_analyzer_scan_date":"2025-10-09 17:54:52","breadcrumb_settings":null,"limit_modified_date":false,"reviewed_by":null,"open_ai":"{\"title\":{\"suggestions\":[],\"usage\":0},\"description\":{\"suggestions\":[],\"usage\":0}}","ai":null,"created":"2025-03-21 10:59:01","updated":"2025-10-21 21:48:19"},"aioseo_breadcrumb":"<div class=\"aioseo-breadcrumbs\"><span class=\"aioseo-breadcrumb\">\n\t<a href=\"https:\/\/www.it-connect.tech\/es\/\" title=\"Home\">Home<\/a>\n<\/span><span class=\"aioseo-breadcrumb-separator\">&raquo;<\/span><span class=\"aioseo-breadcrumb\">\n\tPol\u00edtica de privacidad\n<\/span><\/div>","aioseo_breadcrumb_json":[{"label":"Home","link":"https:\/\/www.it-connect.tech\/es\/"},{"label":"Pol\u00edtica de privacidad","link":"https:\/\/www.it-connect.tech\/es\/politica-de-privacidad\/"}],"_links":{"self":[{"href":"https:\/\/www.it-connect.tech\/es\/wp-json\/wp\/v2\/pages\/5188","targetHints":{"allow":["GET"]}}],"collection":[{"href":"https:\/\/www.it-connect.tech\/es\/wp-json\/wp\/v2\/pages"}],"about":[{"href":"https:\/\/www.it-connect.tech\/es\/wp-json\/wp\/v2\/types\/page"}],"author":[{"embeddable":true,"href":"https:\/\/www.it-connect.tech\/es\/wp-json\/wp\/v2\/users\/2"}],"replies":[{"embeddable":true,"href":"https:\/\/www.it-connect.tech\/es\/wp-json\/wp\/v2\/comments?post=5188"}],"version-history":[{"count":1,"href":"https:\/\/www.it-connect.tech\/es\/wp-json\/wp\/v2\/pages\/5188\/revisions"}],"predecessor-version":[{"id":5189,"href":"https:\/\/www.it-connect.tech\/es\/wp-json\/wp\/v2\/pages\/5188\/revisions\/5189"}],"wp:attachment":[{"href":"https:\/\/www.it-connect.tech\/es\/wp-json\/wp\/v2\/media?parent=5188"}],"curies":[{"name":"wp","href":"https:\/\/api.w.org\/{rel}","templated":true}]}}